{"version":"1.0","provider_name":"AG","provider_url":"http:\/\/arquitecturadegalicia.eu\/blog","author_name":"Dario Vallina","author_url":"http:\/\/arquitecturadegalicia.eu\/blog\/author\/dariovallina\/","title":"Edificio \u00c1rea Cient\u00edfica do Parque Tecnol\u00f3xico da UDC | AG","type":"rich","width":600,"height":338,"html":"<blockquote class=\"wp-embedded-content\" data-secret=\"E14hZN8Nen\"><a href=\"http:\/\/arquitecturadegalicia.eu\/blog\/edificio-area-cientifica-do-parque-tecnoloxico-da-udc\/\">Edificio \u00c1rea Cient\u00edfica do Parque Tecnol\u00f3xico da UDC<\/a><\/blockquote><iframe sandbox=\"allow-scripts\" security=\"restricted\" src=\"http:\/\/arquitecturadegalicia.eu\/blog\/edificio-area-cientifica-do-parque-tecnoloxico-da-udc\/embed\/#?secret=E14hZN8Nen\" width=\"600\" height=\"338\" title=\"\u00abEdificio \u00c1rea Cient\u00edfica do Parque Tecnol\u00f3xico da UDC\u00bb \u2014 AG\" data-secret=\"E14hZN8Nen\" frameborder=\"0\" marginwidth=\"0\" marginheight=\"0\" scrolling=\"no\" class=\"wp-embedded-content\"><\/iframe><script type=\"text\/javascript\">\n\/* <![CDATA[ *\/\n\/*! This file is auto-generated *\/\n!function(d,l){\"use strict\";l.querySelector&&d.addEventListener&&\"undefined\"!=typeof URL&&(d.wp=d.wp||{},d.wp.receiveEmbedMessage||(d.wp.receiveEmbedMessage=function(e){var t=e.data;if((t||t.secret||t.message||t.value)&&!\/[^a-zA-Z0-9]\/.test(t.secret)){for(var s,r,n,a=l.querySelectorAll('iframe[data-secret=\"'+t.secret+'\"]'),o=l.querySelectorAll('blockquote[data-secret=\"'+t.secret+'\"]'),c=new RegExp(\"^https?:$\",\"i\"),i=0;i<o.length;i++)o[i].style.display=\"none\";for(i=0;i<a.length;i++)s=a[i],e.source===s.contentWindow&&(s.removeAttribute(\"style\"),\"height\"===t.message?(1e3<(r=parseInt(t.value,10))?r=1e3:~~r<200&&(r=200),s.height=r):\"link\"===t.message&&(r=new URL(s.getAttribute(\"src\")),n=new URL(t.value),c.test(n.protocol))&&n.host===r.host&&l.activeElement===s&&(d.top.location.href=t.value))}},d.addEventListener(\"message\",d.wp.receiveEmbedMessage,!1),l.addEventListener(\"DOMContentLoaded\",function(){for(var e,t,s=l.querySelectorAll(\"iframe.wp-embedded-content\"),r=0;r<s.length;r++)(t=(e=s[r]).getAttribute(\"data-secret\"))||(t=Math.random().toString(36).substring(2,12),e.src+=\"#?secret=\"+t,e.setAttribute(\"data-secret\",t)),e.contentWindow.postMessage({message:\"ready\",secret:t},\"*\")},!1)))}(window,document);\n\/* ]]> *\/\n<\/script>\n","thumbnail_url":"http:\/\/arquitecturadegalicia.eu\/blog\/wp-content\/uploads\/2013\/10\/01.jpg","thumbnail_width":620,"thumbnail_height":407,"description":"Premisa del proyecto es la de desarrollar un programa de actuaci\u00f3n general, de todo el conjunto, que sin embargo se debe materializar de manera modular seg\u00fan la disposici\u00f3n de fases presupuestarias. Adem\u00e1s de resolver los problemas de espacio docente e investigaci\u00f3n que actualmente reclaman las ingenier\u00edas a las que da servicio, se pretende que sirva para realizar una conexi\u00f3n racional, norte-sur, entre la cota del Parque Tecnol\u00f3gico con la cota de las citadas ingenier\u00edas y por ende del resto del Campus."}