{"id":13883,"date":"2015-09-27T16:24:14","date_gmt":"2015-09-27T14:24:14","guid":{"rendered":"http:\/\/arquitecturadegalicia.eu\/blog\/?page_id=13883"},"modified":"2015-09-27T17:34:32","modified_gmt":"2015-09-27T15:34:32","slug":"premios-gran-de-area-2015","status":"publish","type":"page","link":"http:\/\/arquitecturadegalicia.eu\/blog\/premios\/premios-gran-de-area\/premios-gran-de-area-2015\/","title":{"rendered":"Premios Gran de Area 2015"},"content":{"rendered":"<p>O xurado salientou as seguintes obras:<\/p>\n<ul>\n<li>Rehabilitaci\u00f3n \u00abFerrer\u00eda 4\u00bb &#8211; Vigo. Sta Farnsworth (Carolina Dom\u00ednguez G\u00f3mez, Rosa del R\u00edo Pastoriza e Laura Crespo \u00c1lvarez)<\/li>\n<li>Casa \u00abLa Noria\u00bb &#8211; A Guarda. Mauro Lomba Mart\u00ednez<\/li>\n<li>Rehabilitaci\u00f3n de inmobles na R\u00faa San Sebasti\u00e1n, Subida ao Castelo &#8211; Vigo. Javier Franco Rabu\u00f1al e Vicente Pintos Santiago<\/li>\n<li>Vivenda \u00abEscama e Pilar\u00bb\u00a0&#8211; Pontevedra. Mar\u00eda Gracia Amandi Joglar e Jorge de U\u00f1a Santos<\/li>\n<li>Xoier\u00eda \u00abGonz\u00e1lez 1968\u00bb &#8211; Vigo. Pablo Men\u00e9ndez Paz<\/li>\n<li>Intervenci\u00f3n urbana na Praza do Seixo &#8211; Tomi\u00f1o. Perfecto Cend\u00f3n Dom\u00ednguez e Javier V\u00e1zquez Fern\u00e1ndez<\/li>\n<li>Taller artesanal Armenteira. Jaime Rodr\u00edguez Abilleira e Santiago Pintos Pena<\/li>\n<\/ul>\n\n\t\t<div id='gallery-138837' class='gallery carousel slide'> <div class='carousel-inner' data-interval='7000'><div class='item active'><img src='http:\/\/arquitecturadegalicia.eu\/blog\/wp-content\/uploads\/2015\/09\/casa-la-noria.jpg' \/><span class='gallery-caption'><\/span><\/div><div class='item'><img src='http:\/\/arquitecturadegalicia.eu\/blog\/wp-content\/uploads\/2015\/09\/escama-e-pilar.jpg' \/><span class='gallery-caption'><\/span><\/div><div class='item'><img src='http:\/\/arquitecturadegalicia.eu\/blog\/wp-content\/uploads\/2015\/09\/ferrer\u00eda-4.jpg' \/><span class='gallery-caption'><\/span><\/div><div class='item'><img src='http:\/\/arquitecturadegalicia.eu\/blog\/wp-content\/uploads\/2015\/09\/gonzalez-1968.jpg' \/><span class='gallery-caption'><\/span><\/div><div class='item'><img src='http:\/\/arquitecturadegalicia.eu\/blog\/wp-content\/uploads\/2015\/09\/praza-do-seixo-tomi\u00f1o.jpg' \/><span class='gallery-caption'><\/span><\/div><div class='item'><img src='http:\/\/arquitecturadegalicia.eu\/blog\/wp-content\/uploads\/2015\/09\/subida-ao-castelo.jpg' \/><span class='gallery-caption'><\/span><\/div><div class='item'><img src='http:\/\/arquitecturadegalicia.eu\/blog\/wp-content\/uploads\/2015\/09\/taller-armenteira.jpg' \/><span class='gallery-caption'><\/span><\/div> <\/div><div class=\"carousel-nav\"><ul><\/ul><\/div><a class=\"carousel-control left\" href=\"#gallery-138837\" data-slide=\"prev\"><i class=\"icon-chevron-left\"><\/i><\/a>\n        <a class=\"carousel-control right\" href=\"#gallery-138837\" data-slide=\"next\"><i class=\"icon-chevron-right\"><\/i><\/a><\/div>\n<p><em>fonte das imaxes: facebook do COAG<\/em><\/p>\n","protected":false},"excerpt":{"rendered":"<p>O xurado salientou as seguintes obras: Rehabilitaci\u00f3n \u00abFerrer\u00eda 4\u00bb &#8211; Vigo. Sta Farnsworth (Carolina Dom\u00ednguez G\u00f3mez, Rosa del R\u00edo Pastoriza e Laura Crespo \u00c1lvarez) Casa \u00abLa Noria\u00bb &#8211; A Guarda. Mauro Lomba Mart\u00ednez Rehabilitaci\u00f3n de inmobles na R\u00faa San Sebasti\u00e1n, Subida ao Castelo &#8211; Vigo. Javier Franco Rabu\u00f1al e Vicente Pintos Santiago Vivenda \u00abEscama e<a href=\"http:\/\/arquitecturadegalicia.eu\/blog\/premios\/premios-gran-de-area\/premios-gran-de-area-2015\/\" title=\"Read more\" >&#8230;<\/a><\/p>\n","protected":false},"author":3,"featured_media":13889,"parent":13044,"menu_order":0,"comment_status":"open","ping_status":"open","template":"","meta":{"jetpack_post_was_ever_published":false,"footnotes":""},"class_list":["post-13883","page","type-page","status-publish","has-post-thumbnail","hentry","content-print"],"yoast_head":"<!-- This site is optimized with the Yoast SEO plugin v24.1 - https:\/\/yoast.com\/wordpress\/plugins\/seo\/ -->\n<title>Premios Gran de Area 2015 | AG<\/title>\n<meta name=\"robots\" content=\"index, follow, max-snippet:-1, max-image-preview:large, max-video-preview:-1\" \/>\n<link rel=\"canonical\" href=\"http:\/\/arquitecturadegalicia.eu\/blog\/premios\/premios-gran-de-area\/premios-gran-de-area-2015\/\" \/>\n<meta property=\"og:locale\" content=\"es_ES\" \/>\n<meta property=\"og:type\" content=\"article\" \/>\n<meta property=\"og:title\" content=\"Premios Gran de Area 2015 | AG\" \/>\n<meta property=\"og:description\" content=\"O xurado salientou as seguintes obras: Rehabilitaci\u00f3n \u00abFerrer\u00eda 4\u00bb &#8211; Vigo. Sta Farnsworth (Carolina Dom\u00ednguez G\u00f3mez, Rosa del R\u00edo Pastoriza e Laura Crespo \u00c1lvarez) Casa \u00abLa Noria\u00bb &#8211; A Guarda. Mauro Lomba Mart\u00ednez Rehabilitaci\u00f3n de inmobles na R\u00faa San Sebasti\u00e1n, Subida ao Castelo &#8211; Vigo. Javier Franco Rabu\u00f1al e Vicente Pintos Santiago Vivenda \u00abEscama e...\" \/>\n<meta property=\"og:url\" content=\"http:\/\/arquitecturadegalicia.eu\/blog\/premios\/premios-gran-de-area\/premios-gran-de-area-2015\/\" \/>\n<meta property=\"og:site_name\" content=\"AG\" \/>\n<meta property=\"article:publisher\" content=\"https:\/\/www.facebook.com\/ArquitecturadeGalicia\/\" \/>\n<meta property=\"article:modified_time\" content=\"2015-09-27T15:34:32+00:00\" \/>\n<meta property=\"og:image\" content=\"http:\/\/arquitecturadegalicia.eu\/blog\/wp-content\/uploads\/2015\/09\/subida-ao-castelo.jpg\" \/>\n\t<meta property=\"og:image:width\" content=\"720\" \/>\n\t<meta property=\"og:image:height\" content=\"960\" \/>\n\t<meta property=\"og:image:type\" content=\"image\/jpeg\" \/>\n<meta name=\"twitter:card\" content=\"summary_large_image\" \/>\n<meta name=\"twitter:site\" content=\"@arquigaliciaeu\" \/>\n<meta name=\"twitter:label1\" content=\"Tiempo de lectura\" \/>\n\t<meta name=\"twitter:data1\" content=\"1 minuto\" \/>\n<script type=\"application\/ld+json\" class=\"yoast-schema-graph\">{\"@context\":\"https:\/\/schema.org\",\"@graph\":[{\"@type\":\"WebPage\",\"@id\":\"http:\/\/arquitecturadegalicia.eu\/blog\/premios\/premios-gran-de-area\/premios-gran-de-area-2015\/\",\"url\":\"http:\/\/arquitecturadegalicia.eu\/blog\/premios\/premios-gran-de-area\/premios-gran-de-area-2015\/\",\"name\":\"Premios Gran de Area 2015 | AG\",\"isPartOf\":{\"@id\":\"https:\/\/arquitecturadegalicia.eu\/blog\/#website\"},\"primaryImageOfPage\":{\"@id\":\"http:\/\/arquitecturadegalicia.eu\/blog\/premios\/premios-gran-de-area\/premios-gran-de-area-2015\/#primaryimage\"},\"image\":{\"@id\":\"http:\/\/arquitecturadegalicia.eu\/blog\/premios\/premios-gran-de-area\/premios-gran-de-area-2015\/#primaryimage\"},\"thumbnailUrl\":\"http:\/\/arquitecturadegalicia.eu\/blog\/wp-content\/uploads\/2015\/09\/subida-ao-castelo.jpg\",\"datePublished\":\"2015-09-27T14:24:14+00:00\",\"dateModified\":\"2015-09-27T15:34:32+00:00\",\"breadcrumb\":{\"@id\":\"http:\/\/arquitecturadegalicia.eu\/blog\/premios\/premios-gran-de-area\/premios-gran-de-area-2015\/#breadcrumb\"},\"inLanguage\":\"es\",\"potentialAction\":[{\"@type\":\"ReadAction\",\"target\":[\"http:\/\/arquitecturadegalicia.eu\/blog\/premios\/premios-gran-de-area\/premios-gran-de-area-2015\/\"]}]},{\"@type\":\"ImageObject\",\"inLanguage\":\"es\",\"@id\":\"http:\/\/arquitecturadegalicia.eu\/blog\/premios\/premios-gran-de-area\/premios-gran-de-area-2015\/#primaryimage\",\"url\":\"http:\/\/arquitecturadegalicia.eu\/blog\/wp-content\/uploads\/2015\/09\/subida-ao-castelo.jpg\",\"contentUrl\":\"http:\/\/arquitecturadegalicia.eu\/blog\/wp-content\/uploads\/2015\/09\/subida-ao-castelo.jpg\",\"width\":720,\"height\":960},{\"@type\":\"BreadcrumbList\",\"@id\":\"http:\/\/arquitecturadegalicia.eu\/blog\/premios\/premios-gran-de-area\/premios-gran-de-area-2015\/#breadcrumb\",\"itemListElement\":[{\"@type\":\"ListItem\",\"position\":1,\"name\":\"Portada\",\"item\":\"https:\/\/arquitecturadegalicia.eu\/blog\/\"},{\"@type\":\"ListItem\",\"position\":2,\"name\":\"Premios\",\"item\":\"https:\/\/arquitecturadegalicia.eu\/blog\/premios\/\"},{\"@type\":\"ListItem\",\"position\":3,\"name\":\"Premios Gran de Area\",\"item\":\"https:\/\/arquitecturadegalicia.eu\/blog\/premios\/premios-gran-de-area\/\"},{\"@type\":\"ListItem\",\"position\":4,\"name\":\"Premios Gran de Area 2015\"}]},{\"@type\":\"WebSite\",\"@id\":\"https:\/\/arquitecturadegalicia.eu\/blog\/#website\",\"url\":\"https:\/\/arquitecturadegalicia.eu\/blog\/\",\"name\":\"AG\",\"description\":\"Arquitectura de Galicia\",\"publisher\":{\"@id\":\"https:\/\/arquitecturadegalicia.eu\/blog\/#organization\"},\"potentialAction\":[{\"@type\":\"SearchAction\",\"target\":{\"@type\":\"EntryPoint\",\"urlTemplate\":\"https:\/\/arquitecturadegalicia.eu\/blog\/?s={search_term_string}\"},\"query-input\":{\"@type\":\"PropertyValueSpecification\",\"valueRequired\":true,\"valueName\":\"search_term_string\"}}],\"inLanguage\":\"es\"},{\"@type\":\"Organization\",\"@id\":\"https:\/\/arquitecturadegalicia.eu\/blog\/#organization\",\"name\":\"Arquitectura de Galicia\",\"url\":\"https:\/\/arquitecturadegalicia.eu\/blog\/\",\"logo\":{\"@type\":\"ImageObject\",\"inLanguage\":\"es\",\"@id\":\"https:\/\/arquitecturadegalicia.eu\/blog\/#\/schema\/logo\/image\/\",\"url\":\"https:\/\/arquitecturadegalicia.eu\/blog\/wp-content\/uploads\/2017\/01\/arquitecturacurrents2.png\",\"contentUrl\":\"https:\/\/arquitecturadegalicia.eu\/blog\/wp-content\/uploads\/2017\/01\/arquitecturacurrents2.png\",\"width\":840,\"height\":640,\"caption\":\"Arquitectura de Galicia\"},\"image\":{\"@id\":\"https:\/\/arquitecturadegalicia.eu\/blog\/#\/schema\/logo\/image\/\"},\"sameAs\":[\"https:\/\/www.facebook.com\/ArquitecturadeGalicia\/\",\"https:\/\/x.com\/arquigaliciaeu\",\"https:\/\/www.instagram.com\/arquigaliciaeu\/\"]}]}<\/script>\n<!-- \/ Yoast SEO plugin. -->","yoast_head_json":{"title":"Premios Gran de Area 2015 | AG","robots":{"index":"index","follow":"follow","max-snippet":"max-snippet:-1","max-image-preview":"max-image-preview:large","max-video-preview":"max-video-preview:-1"},"canonical":"http:\/\/arquitecturadegalicia.eu\/blog\/premios\/premios-gran-de-area\/premios-gran-de-area-2015\/","og_locale":"es_ES","og_type":"article","og_title":"Premios Gran de Area 2015 | AG","og_description":"O xurado salientou as seguintes obras: Rehabilitaci\u00f3n \u00abFerrer\u00eda 4\u00bb &#8211; Vigo. Sta Farnsworth (Carolina Dom\u00ednguez G\u00f3mez, Rosa del R\u00edo Pastoriza e Laura Crespo \u00c1lvarez) Casa \u00abLa Noria\u00bb &#8211; A Guarda. Mauro Lomba Mart\u00ednez Rehabilitaci\u00f3n de inmobles na R\u00faa San Sebasti\u00e1n, Subida ao Castelo &#8211; Vigo. Javier Franco Rabu\u00f1al e Vicente Pintos Santiago Vivenda \u00abEscama e...","og_url":"http:\/\/arquitecturadegalicia.eu\/blog\/premios\/premios-gran-de-area\/premios-gran-de-area-2015\/","og_site_name":"AG","article_publisher":"https:\/\/www.facebook.com\/ArquitecturadeGalicia\/","article_modified_time":"2015-09-27T15:34:32+00:00","og_image":[{"width":720,"height":960,"url":"http:\/\/arquitecturadegalicia.eu\/blog\/wp-content\/uploads\/2015\/09\/subida-ao-castelo.jpg","type":"image\/jpeg"}],"twitter_card":"summary_large_image","twitter_site":"@arquigaliciaeu","twitter_misc":{"Tiempo de lectura":"1 minuto"},"schema":{"@context":"https:\/\/schema.org","@graph":[{"@type":"WebPage","@id":"http:\/\/arquitecturadegalicia.eu\/blog\/premios\/premios-gran-de-area\/premios-gran-de-area-2015\/","url":"http:\/\/arquitecturadegalicia.eu\/blog\/premios\/premios-gran-de-area\/premios-gran-de-area-2015\/","name":"Premios Gran de Area 2015 | AG","isPartOf":{"@id":"https:\/\/arquitecturadegalicia.eu\/blog\/#website"},"primaryImageOfPage":{"@id":"http:\/\/arquitecturadegalicia.eu\/blog\/premios\/premios-gran-de-area\/premios-gran-de-area-2015\/#primaryimage"},"image":{"@id":"http:\/\/arquitecturadegalicia.eu\/blog\/premios\/premios-gran-de-area\/premios-gran-de-area-2015\/#primaryimage"},"thumbnailUrl":"http:\/\/arquitecturadegalicia.eu\/blog\/wp-content\/uploads\/2015\/09\/subida-ao-castelo.jpg","datePublished":"2015-09-27T14:24:14+00:00","dateModified":"2015-09-27T15:34:32+00:00","breadcrumb":{"@id":"http:\/\/arquitecturadegalicia.eu\/blog\/premios\/premios-gran-de-area\/premios-gran-de-area-2015\/#breadcrumb"},"inLanguage":"es","potentialAction":[{"@type":"ReadAction","target":["http:\/\/arquitecturadegalicia.eu\/blog\/premios\/premios-gran-de-area\/premios-gran-de-area-2015\/"]}]},{"@type":"ImageObject","inLanguage":"es","@id":"http:\/\/arquitecturadegalicia.eu\/blog\/premios\/premios-gran-de-area\/premios-gran-de-area-2015\/#primaryimage","url":"http:\/\/arquitecturadegalicia.eu\/blog\/wp-content\/uploads\/2015\/09\/subida-ao-castelo.jpg","contentUrl":"http:\/\/arquitecturadegalicia.eu\/blog\/wp-content\/uploads\/2015\/09\/subida-ao-castelo.jpg","width":720,"height":960},{"@type":"BreadcrumbList","@id":"http:\/\/arquitecturadegalicia.eu\/blog\/premios\/premios-gran-de-area\/premios-gran-de-area-2015\/#breadcrumb","itemListElement":[{"@type":"ListItem","position":1,"name":"Portada","item":"https:\/\/arquitecturadegalicia.eu\/blog\/"},{"@type":"ListItem","position":2,"name":"Premios","item":"https:\/\/arquitecturadegalicia.eu\/blog\/premios\/"},{"@type":"ListItem","position":3,"name":"Premios Gran de Area","item":"https:\/\/arquitecturadegalicia.eu\/blog\/premios\/premios-gran-de-area\/"},{"@type":"ListItem","position":4,"name":"Premios Gran de Area 2015"}]},{"@type":"WebSite","@id":"https:\/\/arquitecturadegalicia.eu\/blog\/#website","url":"https:\/\/arquitecturadegalicia.eu\/blog\/","name":"AG","description":"Arquitectura de Galicia","publisher":{"@id":"https:\/\/arquitecturadegalicia.eu\/blog\/#organization"},"potentialAction":[{"@type":"SearchAction","target":{"@type":"EntryPoint","urlTemplate":"https:\/\/arquitecturadegalicia.eu\/blog\/?s={search_term_string}"},"query-input":{"@type":"PropertyValueSpecification","valueRequired":true,"valueName":"search_term_string"}}],"inLanguage":"es"},{"@type":"Organization","@id":"https:\/\/arquitecturadegalicia.eu\/blog\/#organization","name":"Arquitectura de Galicia","url":"https:\/\/arquitecturadegalicia.eu\/blog\/","logo":{"@type":"ImageObject","inLanguage":"es","@id":"https:\/\/arquitecturadegalicia.eu\/blog\/#\/schema\/logo\/image\/","url":"https:\/\/arquitecturadegalicia.eu\/blog\/wp-content\/uploads\/2017\/01\/arquitecturacurrents2.png","contentUrl":"https:\/\/arquitecturadegalicia.eu\/blog\/wp-content\/uploads\/2017\/01\/arquitecturacurrents2.png","width":840,"height":640,"caption":"Arquitectura de Galicia"},"image":{"@id":"https:\/\/arquitecturadegalicia.eu\/blog\/#\/schema\/logo\/image\/"},"sameAs":["https:\/\/www.facebook.com\/ArquitecturadeGalicia\/","https:\/\/x.com\/arquigaliciaeu","https:\/\/www.instagram.com\/arquigaliciaeu\/"]}]}},"jetpack_shortlink":"https:\/\/wp.me\/P2NHs2-3BV","jetpack_sharing_enabled":true,"_links":{"self":[{"href":"http:\/\/arquitecturadegalicia.eu\/blog\/wp-json\/wp\/v2\/pages\/13883","targetHints":{"allow":["GET"]}}],"collection":[{"href":"http:\/\/arquitecturadegalicia.eu\/blog\/wp-json\/wp\/v2\/pages"}],"about":[{"href":"http:\/\/arquitecturadegalicia.eu\/blog\/wp-json\/wp\/v2\/types\/page"}],"author":[{"embeddable":true,"href":"http:\/\/arquitecturadegalicia.eu\/blog\/wp-json\/wp\/v2\/users\/3"}],"replies":[{"embeddable":true,"href":"http:\/\/arquitecturadegalicia.eu\/blog\/wp-json\/wp\/v2\/comments?post=13883"}],"version-history":[{"count":2,"href":"http:\/\/arquitecturadegalicia.eu\/blog\/wp-json\/wp\/v2\/pages\/13883\/revisions"}],"predecessor-version":[{"id":13896,"href":"http:\/\/arquitecturadegalicia.eu\/blog\/wp-json\/wp\/v2\/pages\/13883\/revisions\/13896"}],"up":[{"embeddable":true,"href":"http:\/\/arquitecturadegalicia.eu\/blog\/wp-json\/wp\/v2\/pages\/13044"}],"wp:featuredmedia":[{"embeddable":true,"href":"http:\/\/arquitecturadegalicia.eu\/blog\/wp-json\/wp\/v2\/media\/13889"}],"wp:attachment":[{"href":"http:\/\/arquitecturadegalicia.eu\/blog\/wp-json\/wp\/v2\/media?parent=13883"}],"curies":[{"name":"wp","href":"https:\/\/api.w.org\/{rel}","templated":true}]}}