{"version":"1.0","provider_name":"AG","provider_url":"https:\/\/arquitecturadegalicia.eu\/blog","author_name":"Dario Vallina","author_url":"https:\/\/arquitecturadegalicia.eu\/blog\/author\/dariovallina\/","title":"31 viviendas y centro de d\u00eda | AG","type":"rich","width":600,"height":338,"html":"<blockquote class=\"wp-embedded-content\" data-secret=\"MXUp57OoYq\"><a href=\"https:\/\/arquitecturadegalicia.eu\/blog\/31-viviendas-y-centro-de-dia\/\">31 viviendas y centro de d\u00eda<\/a><\/blockquote><iframe sandbox=\"allow-scripts\" security=\"restricted\" src=\"https:\/\/arquitecturadegalicia.eu\/blog\/31-viviendas-y-centro-de-dia\/embed\/#?secret=MXUp57OoYq\" width=\"600\" height=\"338\" title=\"\u00ab31 viviendas y centro de d\u00eda\u00bb \u2014 AG\" data-secret=\"MXUp57OoYq\" frameborder=\"0\" marginwidth=\"0\" marginheight=\"0\" scrolling=\"no\" class=\"wp-embedded-content\"><\/iframe><script type=\"text\/javascript\">\n\/* <![CDATA[ *\/\n\/*! This file is auto-generated *\/\n!function(d,l){\"use strict\";l.querySelector&&d.addEventListener&&\"undefined\"!=typeof URL&&(d.wp=d.wp||{},d.wp.receiveEmbedMessage||(d.wp.receiveEmbedMessage=function(e){var t=e.data;if((t||t.secret||t.message||t.value)&&!\/[^a-zA-Z0-9]\/.test(t.secret)){for(var s,r,n,a=l.querySelectorAll('iframe[data-secret=\"'+t.secret+'\"]'),o=l.querySelectorAll('blockquote[data-secret=\"'+t.secret+'\"]'),c=new RegExp(\"^https?:$\",\"i\"),i=0;i<o.length;i++)o[i].style.display=\"none\";for(i=0;i<a.length;i++)s=a[i],e.source===s.contentWindow&&(s.removeAttribute(\"style\"),\"height\"===t.message?(1e3<(r=parseInt(t.value,10))?r=1e3:~~r<200&&(r=200),s.height=r):\"link\"===t.message&&(r=new URL(s.getAttribute(\"src\")),n=new URL(t.value),c.test(n.protocol))&&n.host===r.host&&l.activeElement===s&&(d.top.location.href=t.value))}},d.addEventListener(\"message\",d.wp.receiveEmbedMessage,!1),l.addEventListener(\"DOMContentLoaded\",function(){for(var e,t,s=l.querySelectorAll(\"iframe.wp-embedded-content\"),r=0;r<s.length;r++)(t=(e=s[r]).getAttribute(\"data-secret\"))||(t=Math.random().toString(36).substring(2,12),e.src+=\"#?secret=\"+t,e.setAttribute(\"data-secret\",t)),e.contentWindow.postMessage({message:\"ready\",secret:t},\"*\")},!1)))}(window,document);\n\/* ]]> *\/\n<\/script>\n","thumbnail_url":"https:\/\/arquitecturadegalicia.eu\/blog\/wp-content\/uploads\/2013\/06\/santos.jpg","thumbnail_width":620,"thumbnail_height":620,"description":"El edificio ocupa el final de un largo bloque, con fachadas a este y oeste, previsto en el desarrollo urban\u00edstico del Bosque de los Desamparados. La fuerte pendiente de la futura calle, de m\u00e1s de una planta y media en nuestro solar, la obligatoriedad de soportal y la necesidad de ubicar un peque\u00f1o centro de d\u00eda en planta baja condicionan la propuesta. La compleja interpretaci\u00f3n de la normativa urban\u00edstica por parte de los servicios t\u00e9cnicos municipales hace el resto"}