{"version":"1.0","provider_name":"AG","provider_url":"https:\/\/arquitecturadegalicia.eu\/blog","author_name":"Rub\u00e9n Ulloa Montes","author_url":"https:\/\/arquitecturadegalicia.eu\/blog\/author\/ruben\/","title":"Casa Social A Gra\u00f1a | AG","type":"rich","width":600,"height":338,"html":"<blockquote class=\"wp-embedded-content\" data-secret=\"WxG6cvpRq8\"><a href=\"https:\/\/arquitecturadegalicia.eu\/blog\/casa-social-a-grana\/\">Casa Social A Gra\u00f1a<\/a><\/blockquote><iframe sandbox=\"allow-scripts\" security=\"restricted\" src=\"https:\/\/arquitecturadegalicia.eu\/blog\/casa-social-a-grana\/embed\/#?secret=WxG6cvpRq8\" width=\"600\" height=\"338\" title=\"\u00abCasa Social A Gra\u00f1a\u00bb \u2014 AG\" data-secret=\"WxG6cvpRq8\" frameborder=\"0\" marginwidth=\"0\" marginheight=\"0\" scrolling=\"no\" class=\"wp-embedded-content\"><\/iframe><script type=\"text\/javascript\">\n\/* <![CDATA[ *\/\n\/*! This file is auto-generated *\/\n!function(d,l){\"use strict\";l.querySelector&&d.addEventListener&&\"undefined\"!=typeof URL&&(d.wp=d.wp||{},d.wp.receiveEmbedMessage||(d.wp.receiveEmbedMessage=function(e){var t=e.data;if((t||t.secret||t.message||t.value)&&!\/[^a-zA-Z0-9]\/.test(t.secret)){for(var s,r,n,a=l.querySelectorAll('iframe[data-secret=\"'+t.secret+'\"]'),o=l.querySelectorAll('blockquote[data-secret=\"'+t.secret+'\"]'),c=new RegExp(\"^https?:$\",\"i\"),i=0;i<o.length;i++)o[i].style.display=\"none\";for(i=0;i<a.length;i++)s=a[i],e.source===s.contentWindow&&(s.removeAttribute(\"style\"),\"height\"===t.message?(1e3<(r=parseInt(t.value,10))?r=1e3:~~r<200&&(r=200),s.height=r):\"link\"===t.message&&(r=new URL(s.getAttribute(\"src\")),n=new URL(t.value),c.test(n.protocol))&&n.host===r.host&&l.activeElement===s&&(d.top.location.href=t.value))}},d.addEventListener(\"message\",d.wp.receiveEmbedMessage,!1),l.addEventListener(\"DOMContentLoaded\",function(){for(var e,t,s=l.querySelectorAll(\"iframe.wp-embedded-content\"),r=0;r<s.length;r++)(t=(e=s[r]).getAttribute(\"data-secret\"))||(t=Math.random().toString(36).substring(2,12),e.src+=\"#?secret=\"+t,e.setAttribute(\"data-secret\",t)),e.contentWindow.postMessage({message:\"ready\",secret:t},\"*\")},!1)))}(window,document);\n\/* ]]> *\/\n<\/script>\n","thumbnail_url":"https:\/\/arquitecturadegalicia.eu\/blog\/wp-content\/uploads\/2013\/03\/Centro-Social-A-Gra\u00f1a-Cendon-Vazquez.jpg","thumbnail_width":620,"thumbnail_height":175,"description":"\"Se proyectan dos plazas adapt\u00e1ndose a las plataformas existentes en la topograf\u00eda original de la parcela. La nueva edificaci\u00f3n se adapta a las plazas proyectadas. Se descompone el volumen de la edificaci\u00f3n en dos, proyectando as\u00ed un edificio con planta en \u201cL\u201d. Uno de los brazos de \u00e9sta es de una planta y se encuentra semienterrado, hace de muro de contenci\u00f3n salvando el desnivel entre la plaza superior y la inferior...\""}