{"version":"1.0","provider_name":"AG","provider_url":"https:\/\/arquitecturadegalicia.eu\/blog","author_name":"Iago Valverde","author_url":"https:\/\/arquitecturadegalicia.eu\/blog\/author\/iago-valverde\/","title":"Centro de D\u00eda Residencial de Cesantes | AG","type":"rich","width":600,"height":338,"html":"<blockquote class=\"wp-embedded-content\" data-secret=\"8NWvg9JMpO\"><a href=\"https:\/\/arquitecturadegalicia.eu\/blog\/centro-de-dia-residencial-de-cesantes\/\">Centro de D\u00eda Residencial de Cesantes<\/a><\/blockquote><iframe sandbox=\"allow-scripts\" security=\"restricted\" src=\"https:\/\/arquitecturadegalicia.eu\/blog\/centro-de-dia-residencial-de-cesantes\/embed\/#?secret=8NWvg9JMpO\" width=\"600\" height=\"338\" title=\"\u00abCentro de D\u00eda Residencial de Cesantes\u00bb \u2014 AG\" data-secret=\"8NWvg9JMpO\" frameborder=\"0\" marginwidth=\"0\" marginheight=\"0\" scrolling=\"no\" class=\"wp-embedded-content\"><\/iframe><script type=\"text\/javascript\">\n\/* <![CDATA[ *\/\n\/*! This file is auto-generated *\/\n!function(d,l){\"use strict\";l.querySelector&&d.addEventListener&&\"undefined\"!=typeof URL&&(d.wp=d.wp||{},d.wp.receiveEmbedMessage||(d.wp.receiveEmbedMessage=function(e){var t=e.data;if((t||t.secret||t.message||t.value)&&!\/[^a-zA-Z0-9]\/.test(t.secret)){for(var s,r,n,a=l.querySelectorAll('iframe[data-secret=\"'+t.secret+'\"]'),o=l.querySelectorAll('blockquote[data-secret=\"'+t.secret+'\"]'),c=new RegExp(\"^https?:$\",\"i\"),i=0;i<o.length;i++)o[i].style.display=\"none\";for(i=0;i<a.length;i++)s=a[i],e.source===s.contentWindow&&(s.removeAttribute(\"style\"),\"height\"===t.message?(1e3<(r=parseInt(t.value,10))?r=1e3:~~r<200&&(r=200),s.height=r):\"link\"===t.message&&(r=new URL(s.getAttribute(\"src\")),n=new URL(t.value),c.test(n.protocol))&&n.host===r.host&&l.activeElement===s&&(d.top.location.href=t.value))}},d.addEventListener(\"message\",d.wp.receiveEmbedMessage,!1),l.addEventListener(\"DOMContentLoaded\",function(){for(var e,t,s=l.querySelectorAll(\"iframe.wp-embedded-content\"),r=0;r<s.length;r++)(t=(e=s[r]).getAttribute(\"data-secret\"))||(t=Math.random().toString(36).substring(2,12),e.src+=\"#?secret=\"+t,e.setAttribute(\"data-secret\",t)),e.contentWindow.postMessage({message:\"ready\",secret:t},\"*\")},!1)))}(window,document);\n\/* ]]> *\/\n<\/script>\n","thumbnail_url":"https:\/\/arquitecturadegalicia.eu\/blog\/wp-content\/uploads\/2013\/11\/AG_angeles_Santos_Vazquez_Carlos_Martinez_Centro_Dia_Residencial_Redondela_00.jpg","thumbnail_width":620,"thumbnail_height":326,"description":"\"La adaptaci\u00f3n del Prototipo a las caracter\u00edsticas de la ubicaci\u00f3n oblig\u00f3 a una revisi\u00f3n de la disposici\u00f3n de los diferentes bloques que lo conformaban. Las habitaciones se organizan en dos bloques separados por los espacios comunes lo que posibilita una diferenciaci\u00f3n seg\u00fan las necesidades y el grado de dependencia de los residentes\" \u00c1ngeles Santos e Carlos Mart\u00ednez"}