{"id":1666,"date":"2013-01-07T22:52:00","date_gmt":"2013-01-07T21:52:00","guid":{"rendered":"http:\/\/arquitecturadegalicia.eu\/blog\/?page_id=1666"},"modified":"2014-11-08T18:46:05","modified_gmt":"2014-11-08T17:46:05","slug":"iii-premios-enor","status":"publish","type":"page","link":"https:\/\/arquitecturadegalicia.eu\/blog\/premios\/premios-enor-para-galicia\/iii-premios-enor\/","title":{"rendered":"III Premios Enor"},"content":{"rendered":"<p><b><b> Premio Enor Galicia:<br \/>\n<\/b><\/b><\/p>\n<ul>\n<li dir=\"ltr\"><strong><a href=\"http:\/\/arquitecturadegalicia.eu\/blog\/?p=219\">Lonxa de Fisterra<\/a><\/strong>\u00a0_ <a href=\"http:\/\/arquitecturadegalicia.eu\/blog\/?tag=creusecarrasco\">creusecarrasco<\/a><\/li>\n<\/ul>\n<p><b><b><br \/>\nFinalistas:<br \/>\n<\/b><\/b><\/p>\n<ul>\n<li dir=\"ltr\"><strong><a href=\"http:\/\/arquitecturadegalicia.eu\/blog\/?p=603\">Estudio Tinajas en A Coru\u00f1a<\/a><\/strong>\u00a0_\u00a0<a href=\"http:\/\/arquitecturadegalicia.eu\/blog\/?tag=creusecarrasco\">creusecarrasco<\/a><\/li>\n<li dir=\"ltr\"><a href=\"http:\/\/arquitecturadegalicia.eu\/blog\/?p=8215\"><strong>Vivenda flexible en Ourense<\/strong><\/a> _ <a href=\"http:\/\/arquitecturadegalicia.eu\/blog\/?tag=quico-jorreto\">Quico Jorreto D\u00edaz<\/a><\/li>\n<li dir=\"ltr\"><a href=\"http:\/\/arquitecturadegalicia.eu\/blog\/?p=4967\"><strong>Vivendas no\u00a0casco hist\u00f3rico en Vigo<\/strong><\/a> _ <a href=\"http:\/\/arquitecturadegalicia.eu\/blog\/?tag=jose-villace\">Jos\u00e9 Villac\u00e9<\/a>\u00a0e <a href=\"http:\/\/arquitecturadegalicia.eu\/blog\/?tag=martin-de-cominges\">Mart\u00edn de Cominges<\/a><\/li>\n<\/ul>\n<p><b><b><br \/>\nSeleccionados:<br \/>\n<\/b><\/b><\/p>\n<ul>\n<li dir=\"ltr\"><a href=\"http:\/\/arquitecturadegalicia.eu\/blog\/?p=6201\"><strong>Rehabilitaci\u00f3n de vivenda en Santiago<\/strong><\/a> _ <a href=\"http:\/\/arquitecturadegalicia.eu\/blog\/?tag=abaloalonso\">Abalo+Alonso<\/a><a href=\"https:\/\/maps.google.com\/maps\/ms?msid=205584753861089304839.0004b3590a9baff01c53d&amp;msa=0&amp;ll=42.881463,-8.537039&amp;spn=0.0006,0.001206&amp;iwloc=0004cec47080bcc099fb5\"><br \/>\n<\/a><\/li>\n<li dir=\"ltr\"><a href=\"http:\/\/arquitecturadegalicia.eu\/blog\/?p=2469\" target=\"_blank\"><strong>Centro de sa\u00fade Castro de Ribeiras de Lea<\/strong><\/a> _ <a href=\"http:\/\/arquitecturadegalicia.eu\/blog\/?tag=fernando-blanco\" target=\"_blank\">Fernando Blanco<\/a><\/li>\n<li dir=\"ltr\"><a href=\"http:\/\/arquitecturadegalicia.eu\/blog\/?p=2266\" target=\"_blank\"><strong>Centro de sa\u00fade de Muros<\/strong><\/a> _ <a href=\"http:\/\/arquitecturadegalicia.eu\/blog\/?tag=irisarri-pinera\">Irisarri+Pi\u00f1era<\/a><\/li>\n<li dir=\"ltr\"><strong><a href=\"http:\/\/arquitecturadegalicia.eu\/blog\/?p=1191\">Edificios multiusos de Mos<\/a><\/strong>\u00a0_ <a href=\"http:\/\/arquitecturadegalicia.eu\/blog\/?tag=de-lapuerta-asensio\">Jose M\u00aa de la Puerta y Carlos Asensio<\/a><\/li>\n<\/ul>\n","protected":false},"excerpt":{"rendered":"<p>Premio Enor Galicia: Lonxa de Fisterra\u00a0_ creusecarrasco Finalistas: Estudio Tinajas en A Coru\u00f1a\u00a0_\u00a0creusecarrasco Vivenda flexible en Ourense _ Quico Jorreto D\u00edaz Vivendas no\u00a0casco hist\u00f3rico en Vigo _ Jos\u00e9 Villac\u00e9\u00a0e Mart\u00edn de Cominges Seleccionados: Rehabilitaci\u00f3n de vivenda en Santiago _ Abalo+Alonso Centro de sa\u00fade Castro de Ribeiras de Lea _ Fernando Blanco Centro de sa\u00fade de<a href=\"https:\/\/arquitecturadegalicia.eu\/blog\/premios\/premios-enor-para-galicia\/iii-premios-enor\/\" title=\"Read more\" >&#8230;<\/a><\/p>\n","protected":false},"author":2,"featured_media":0,"parent":354,"menu_order":3,"comment_status":"open","ping_status":"open","template":"","meta":{"jetpack_post_was_ever_published":false,"footnotes":""},"class_list":["post-1666","page","type-page","status-publish","hentry","content-print"],"yoast_head":"<!-- This site is optimized with the Yoast SEO plugin v24.1 - https:\/\/yoast.com\/wordpress\/plugins\/seo\/ -->\n<title>III Premios Enor | AG<\/title>\n<meta name=\"robots\" content=\"index, follow, max-snippet:-1, max-image-preview:large, max-video-preview:-1\" \/>\n<link rel=\"canonical\" href=\"https:\/\/arquitecturadegalicia.eu\/blog\/premios\/premios-enor-para-galicia\/iii-premios-enor\/\" \/>\n<meta property=\"og:locale\" content=\"es_ES\" \/>\n<meta property=\"og:type\" content=\"article\" \/>\n<meta property=\"og:title\" content=\"III Premios Enor | AG\" \/>\n<meta property=\"og:description\" content=\"Premio Enor Galicia: Lonxa de Fisterra\u00a0_ creusecarrasco Finalistas: Estudio Tinajas en A Coru\u00f1a\u00a0_\u00a0creusecarrasco Vivenda flexible en Ourense _ Quico Jorreto D\u00edaz Vivendas no\u00a0casco hist\u00f3rico en Vigo _ Jos\u00e9 Villac\u00e9\u00a0e Mart\u00edn de Cominges Seleccionados: Rehabilitaci\u00f3n de vivenda en Santiago _ Abalo+Alonso Centro de sa\u00fade Castro de Ribeiras de Lea _ Fernando Blanco Centro de sa\u00fade de...\" \/>\n<meta property=\"og:url\" content=\"https:\/\/arquitecturadegalicia.eu\/blog\/premios\/premios-enor-para-galicia\/iii-premios-enor\/\" \/>\n<meta property=\"og:site_name\" content=\"AG\" \/>\n<meta property=\"article:publisher\" content=\"https:\/\/www.facebook.com\/ArquitecturadeGalicia\/\" \/>\n<meta property=\"article:modified_time\" content=\"2014-11-08T17:46:05+00:00\" \/>\n<meta name=\"twitter:card\" content=\"summary_large_image\" \/>\n<meta name=\"twitter:site\" content=\"@arquigaliciaeu\" \/>\n<script type=\"application\/ld+json\" class=\"yoast-schema-graph\">{\"@context\":\"https:\/\/schema.org\",\"@graph\":[{\"@type\":\"WebPage\",\"@id\":\"https:\/\/arquitecturadegalicia.eu\/blog\/premios\/premios-enor-para-galicia\/iii-premios-enor\/\",\"url\":\"https:\/\/arquitecturadegalicia.eu\/blog\/premios\/premios-enor-para-galicia\/iii-premios-enor\/\",\"name\":\"III Premios Enor | AG\",\"isPartOf\":{\"@id\":\"https:\/\/arquitecturadegalicia.eu\/blog\/#website\"},\"datePublished\":\"2013-01-07T21:52:00+00:00\",\"dateModified\":\"2014-11-08T17:46:05+00:00\",\"breadcrumb\":{\"@id\":\"https:\/\/arquitecturadegalicia.eu\/blog\/premios\/premios-enor-para-galicia\/iii-premios-enor\/#breadcrumb\"},\"inLanguage\":\"es\",\"potentialAction\":[{\"@type\":\"ReadAction\",\"target\":[\"https:\/\/arquitecturadegalicia.eu\/blog\/premios\/premios-enor-para-galicia\/iii-premios-enor\/\"]}]},{\"@type\":\"BreadcrumbList\",\"@id\":\"https:\/\/arquitecturadegalicia.eu\/blog\/premios\/premios-enor-para-galicia\/iii-premios-enor\/#breadcrumb\",\"itemListElement\":[{\"@type\":\"ListItem\",\"position\":1,\"name\":\"Portada\",\"item\":\"https:\/\/arquitecturadegalicia.eu\/blog\/\"},{\"@type\":\"ListItem\",\"position\":2,\"name\":\"Premios\",\"item\":\"http:\/\/arquitecturadegalicia.eu\/blog\/premios\/\"},{\"@type\":\"ListItem\",\"position\":3,\"name\":\"Premios ENOR para Galicia\",\"item\":\"http:\/\/arquitecturadegalicia.eu\/blog\/premios\/premios-enor-para-galicia\/\"},{\"@type\":\"ListItem\",\"position\":4,\"name\":\"III Premios Enor\"}]},{\"@type\":\"WebSite\",\"@id\":\"https:\/\/arquitecturadegalicia.eu\/blog\/#website\",\"url\":\"https:\/\/arquitecturadegalicia.eu\/blog\/\",\"name\":\"AG\",\"description\":\"Arquitectura de Galicia\",\"publisher\":{\"@id\":\"https:\/\/arquitecturadegalicia.eu\/blog\/#organization\"},\"potentialAction\":[{\"@type\":\"SearchAction\",\"target\":{\"@type\":\"EntryPoint\",\"urlTemplate\":\"https:\/\/arquitecturadegalicia.eu\/blog\/?s={search_term_string}\"},\"query-input\":{\"@type\":\"PropertyValueSpecification\",\"valueRequired\":true,\"valueName\":\"search_term_string\"}}],\"inLanguage\":\"es\"},{\"@type\":\"Organization\",\"@id\":\"https:\/\/arquitecturadegalicia.eu\/blog\/#organization\",\"name\":\"Arquitectura de Galicia\",\"url\":\"https:\/\/arquitecturadegalicia.eu\/blog\/\",\"logo\":{\"@type\":\"ImageObject\",\"inLanguage\":\"es\",\"@id\":\"https:\/\/arquitecturadegalicia.eu\/blog\/#\/schema\/logo\/image\/\",\"url\":\"https:\/\/arquitecturadegalicia.eu\/blog\/wp-content\/uploads\/2017\/01\/arquitecturacurrents2.png\",\"contentUrl\":\"https:\/\/arquitecturadegalicia.eu\/blog\/wp-content\/uploads\/2017\/01\/arquitecturacurrents2.png\",\"width\":840,\"height\":640,\"caption\":\"Arquitectura de Galicia\"},\"image\":{\"@id\":\"https:\/\/arquitecturadegalicia.eu\/blog\/#\/schema\/logo\/image\/\"},\"sameAs\":[\"https:\/\/www.facebook.com\/ArquitecturadeGalicia\/\",\"https:\/\/x.com\/arquigaliciaeu\",\"https:\/\/www.instagram.com\/arquigaliciaeu\/\"]}]}<\/script>\n<!-- \/ Yoast SEO plugin. -->","yoast_head_json":{"title":"III Premios Enor | AG","robots":{"index":"index","follow":"follow","max-snippet":"max-snippet:-1","max-image-preview":"max-image-preview:large","max-video-preview":"max-video-preview:-1"},"canonical":"https:\/\/arquitecturadegalicia.eu\/blog\/premios\/premios-enor-para-galicia\/iii-premios-enor\/","og_locale":"es_ES","og_type":"article","og_title":"III Premios Enor | AG","og_description":"Premio Enor Galicia: Lonxa de Fisterra\u00a0_ creusecarrasco Finalistas: Estudio Tinajas en A Coru\u00f1a\u00a0_\u00a0creusecarrasco Vivenda flexible en Ourense _ Quico Jorreto D\u00edaz Vivendas no\u00a0casco hist\u00f3rico en Vigo _ Jos\u00e9 Villac\u00e9\u00a0e Mart\u00edn de Cominges Seleccionados: Rehabilitaci\u00f3n de vivenda en Santiago _ Abalo+Alonso Centro de sa\u00fade Castro de Ribeiras de Lea _ Fernando Blanco Centro de sa\u00fade de...","og_url":"https:\/\/arquitecturadegalicia.eu\/blog\/premios\/premios-enor-para-galicia\/iii-premios-enor\/","og_site_name":"AG","article_publisher":"https:\/\/www.facebook.com\/ArquitecturadeGalicia\/","article_modified_time":"2014-11-08T17:46:05+00:00","twitter_card":"summary_large_image","twitter_site":"@arquigaliciaeu","schema":{"@context":"https:\/\/schema.org","@graph":[{"@type":"WebPage","@id":"https:\/\/arquitecturadegalicia.eu\/blog\/premios\/premios-enor-para-galicia\/iii-premios-enor\/","url":"https:\/\/arquitecturadegalicia.eu\/blog\/premios\/premios-enor-para-galicia\/iii-premios-enor\/","name":"III Premios Enor | AG","isPartOf":{"@id":"https:\/\/arquitecturadegalicia.eu\/blog\/#website"},"datePublished":"2013-01-07T21:52:00+00:00","dateModified":"2014-11-08T17:46:05+00:00","breadcrumb":{"@id":"https:\/\/arquitecturadegalicia.eu\/blog\/premios\/premios-enor-para-galicia\/iii-premios-enor\/#breadcrumb"},"inLanguage":"es","potentialAction":[{"@type":"ReadAction","target":["https:\/\/arquitecturadegalicia.eu\/blog\/premios\/premios-enor-para-galicia\/iii-premios-enor\/"]}]},{"@type":"BreadcrumbList","@id":"https:\/\/arquitecturadegalicia.eu\/blog\/premios\/premios-enor-para-galicia\/iii-premios-enor\/#breadcrumb","itemListElement":[{"@type":"ListItem","position":1,"name":"Portada","item":"https:\/\/arquitecturadegalicia.eu\/blog\/"},{"@type":"ListItem","position":2,"name":"Premios","item":"http:\/\/arquitecturadegalicia.eu\/blog\/premios\/"},{"@type":"ListItem","position":3,"name":"Premios ENOR para Galicia","item":"http:\/\/arquitecturadegalicia.eu\/blog\/premios\/premios-enor-para-galicia\/"},{"@type":"ListItem","position":4,"name":"III Premios Enor"}]},{"@type":"WebSite","@id":"https:\/\/arquitecturadegalicia.eu\/blog\/#website","url":"https:\/\/arquitecturadegalicia.eu\/blog\/","name":"AG","description":"Arquitectura de Galicia","publisher":{"@id":"https:\/\/arquitecturadegalicia.eu\/blog\/#organization"},"potentialAction":[{"@type":"SearchAction","target":{"@type":"EntryPoint","urlTemplate":"https:\/\/arquitecturadegalicia.eu\/blog\/?s={search_term_string}"},"query-input":{"@type":"PropertyValueSpecification","valueRequired":true,"valueName":"search_term_string"}}],"inLanguage":"es"},{"@type":"Organization","@id":"https:\/\/arquitecturadegalicia.eu\/blog\/#organization","name":"Arquitectura de Galicia","url":"https:\/\/arquitecturadegalicia.eu\/blog\/","logo":{"@type":"ImageObject","inLanguage":"es","@id":"https:\/\/arquitecturadegalicia.eu\/blog\/#\/schema\/logo\/image\/","url":"https:\/\/arquitecturadegalicia.eu\/blog\/wp-content\/uploads\/2017\/01\/arquitecturacurrents2.png","contentUrl":"https:\/\/arquitecturadegalicia.eu\/blog\/wp-content\/uploads\/2017\/01\/arquitecturacurrents2.png","width":840,"height":640,"caption":"Arquitectura de Galicia"},"image":{"@id":"https:\/\/arquitecturadegalicia.eu\/blog\/#\/schema\/logo\/image\/"},"sameAs":["https:\/\/www.facebook.com\/ArquitecturadeGalicia\/","https:\/\/x.com\/arquigaliciaeu","https:\/\/www.instagram.com\/arquigaliciaeu\/"]}]}},"jetpack_shortlink":"https:\/\/wp.me\/P2NHs2-qS","jetpack_sharing_enabled":true,"_links":{"self":[{"href":"https:\/\/arquitecturadegalicia.eu\/blog\/wp-json\/wp\/v2\/pages\/1666","targetHints":{"allow":["GET"]}}],"collection":[{"href":"https:\/\/arquitecturadegalicia.eu\/blog\/wp-json\/wp\/v2\/pages"}],"about":[{"href":"https:\/\/arquitecturadegalicia.eu\/blog\/wp-json\/wp\/v2\/types\/page"}],"author":[{"embeddable":true,"href":"https:\/\/arquitecturadegalicia.eu\/blog\/wp-json\/wp\/v2\/users\/2"}],"replies":[{"embeddable":true,"href":"https:\/\/arquitecturadegalicia.eu\/blog\/wp-json\/wp\/v2\/comments?post=1666"}],"version-history":[{"count":7,"href":"https:\/\/arquitecturadegalicia.eu\/blog\/wp-json\/wp\/v2\/pages\/1666\/revisions"}],"predecessor-version":[{"id":12999,"href":"https:\/\/arquitecturadegalicia.eu\/blog\/wp-json\/wp\/v2\/pages\/1666\/revisions\/12999"}],"up":[{"embeddable":true,"href":"https:\/\/arquitecturadegalicia.eu\/blog\/wp-json\/wp\/v2\/pages\/354"}],"wp:attachment":[{"href":"https:\/\/arquitecturadegalicia.eu\/blog\/wp-json\/wp\/v2\/media?parent=1666"}],"curies":[{"name":"wp","href":"https:\/\/api.w.org\/{rel}","templated":true}]}}