{"id":1709,"date":"2013-01-07T22:54:42","date_gmt":"2013-01-07T21:54:42","guid":{"rendered":"http:\/\/arquitecturadegalicia.eu\/blog\/?page_id=1709"},"modified":"2014-11-08T21:38:11","modified_gmt":"2014-11-08T20:38:11","slug":"premios-gran-de-area-2011","status":"publish","type":"page","link":"https:\/\/arquitecturadegalicia.eu\/blog\/premios\/premios-gran-de-area\/premios-gran-de-area-2011\/","title":{"rendered":"Premios Gran de Area 2011"},"content":{"rendered":"<ul>\n<li dir=\"ltr\"><a href=\"http:\/\/arquitecturadegalicia.eu\/blog\/?p=7348\"><strong>Estaci\u00f3n Mar\u00edtima para Baiona<\/strong><\/a>, de <a href=\"http:\/\/arquitecturadegalicia.eu\/blog\/?tag=santos-mera\">Jos\u00e9 Jorge Santos Ogando y Jos\u00e9 Carlos Mera Rodr\u00edguez<\/a>.<\/li>\n<li dir=\"ltr\"><a href=\"http:\/\/arquitecturadegalicia.eu\/blog\/?p=10098\"><strong>Vivenda unifamiliar para un xoven m\u00fasico e parella\u00a0en Saians (Vigo)<\/strong><\/a>, de <a href=\"http:\/\/arquitecturadegalicia.eu\/blog\/?tag=antonio-solino\">Antonio Soli\u00f1o Troncoso<\/a>.<\/li>\n<li dir=\"ltr\"><strong>Vivenda vertical en Bouza (Santiago de Oliveira)<\/strong>, de <a href=\"http:\/\/arquitecturadegalicia.eu\/blog\/?tag=mmasa\">MMASA Arquitectos (Mu\u00f1iz+Alfaya)<\/a>.<\/li>\n<li dir=\"ltr\"><a href=\"http:\/\/arquitecturadegalicia.eu\/blog\/?p=8024\"><strong>Vivenda unifamiliar en Panx\u00f3n (Nigr\u00e1n)<\/strong><\/a>, de <a href=\"http:\/\/arquitecturadegalicia.eu\/blog\/?tag=quintela-porro\">Jos\u00e9 Luis Quintela Porro<\/a>.<\/li>\n<li dir=\"ltr\"><a href=\"http:\/\/arquitecturadegalicia.eu\/blog\/?p=9932\"><strong>Casa consistorial de Campo Lameiro e recuperaci\u00f3n da s\u00faa carballeira<\/strong><\/a>, de <a href=\"http:\/\/arquitecturadegalicia.eu\/blog\/?tag=rodriguez-pintos\">Rodr\u00edguez + Pintos arquitectos SLP<\/a>.<\/li>\n<li dir=\"ltr\"><strong>Centro Social de O Gorgull\u00f3n (Pontevedra)<\/strong>, de Jos\u00e9 Santos Ogando y \u00c1ngel Cid Carballo.<\/li>\n<li dir=\"ltr\"><a href=\"http:\/\/arquitecturadegalicia.eu\/blog\/?p=7238\"><strong>Rehabilitaci\u00f3n dun inmoble no Casco Vello de Vigo<\/strong><\/a>, de <a href=\"http:\/\/arquitecturadegalicia.eu\/blog\/?tag=alfredo-sirvent\">Alfredo Sirvent Silveira<\/a>.<\/li>\n<li dir=\"ltr\"><a href=\"http:\/\/arquitecturadegalicia.eu\/blog\/?p=9917\"><strong>Vivenda unifamiliar en Monte Porreiro<\/strong><\/a>, de <a href=\"http:\/\/arquitecturadegalicia.eu\/blog\/?tag=rodriguez-pintos\">Rodr\u00edguez + Pintos arquitectos SLP<\/a>.<\/li>\n<li dir=\"ltr\"><strong>Vivenda unifamiliar en Vilasobroso (Mondariz)<\/strong>, de EAU arquitectura.<\/li>\n<li dir=\"ltr\"><strong>Recuperaci\u00f3n dun edificio para centro de formaci\u00f3n (no Cami\u00f1o Marisma Santa Marina de Redondela)<\/strong>, de Fernando Sampil arquitectos SLP.<\/li>\n<li dir=\"ltr\"><a href=\"http:\/\/arquitecturadegalicia.eu\/blog\/?p=9938\"><strong>Reforma de vivenda-taller en Vigo<\/strong><\/a>, de <a href=\"http:\/\/arquitecturadegalicia.eu\/blog\/?tag=bmj-arquitectos\">Besada y Failde BMJ arquitectos SCP<\/a>.<\/li>\n<li dir=\"ltr\"><strong>Acondicionamento de local para escola de baile en Cangas<\/strong>, de Otra vuelta de tuerca arquitectura (Olaia Soage Alonso).<\/li>\n<li dir=\"ltr\"><a href=\"http:\/\/arquitecturadegalicia.eu\/blog\/?p=1885\"><strong>Vivenda unifamiliar en Poio<\/strong><\/a>, de <a href=\"http:\/\/arquitecturadegalicia.eu\/blog\/?tag=pablo-menendez-paz\">Pablo Menendez Paz<\/a>.<\/li>\n<li dir=\"ltr\"><strong>Cinco vivendas na r\u00faa Hortas de Vigo<\/strong>, de Francisco Javier V\u00e1zquez y Gerardo de Villanueva Covelo.<\/li>\n<li dir=\"ltr\"><a href=\"http:\/\/arquitecturadegalicia.eu\/blog\/?p=3209\"><strong>Rehabilitaci\u00f3n de 7 edificaci\u00f3ns para local comercial e nove vivendas no Casco Vello de Vigo<\/strong><\/a>, de <a href=\"http:\/\/arquitecturadegalicia.eu\/blog\/?tag=cendon-vazquez\">Cend\u00f3n-V\u00e1zquez arquitectos SLP (Perfecto Cend\u00f3n Dom\u00ednguez y Francisco Javier V\u00e1zquez Fern\u00e1ndez)<\/a>.<\/li>\n<li dir=\"ltr\"><strong>Edificio para 24 vivendas en Pontevedra<\/strong>, de Miguel Monteagudo Pazo.<\/li>\n<li dir=\"ltr\"><a href=\"http:\/\/arquitecturadegalicia.eu\/blog\/?p=7127\"><strong>Treinta e unha vivendas para x\u00f3venes e maiores e centro de d\u00eda, en Vilagarc\u00eda de Arousa<\/strong><\/a>, de <a href=\"http:\/\/arquitecturadegalicia.eu\/blog\/?tag=abaloalonso\">Abalo y Alonso Arquitectos<\/a>.<\/li>\n<li dir=\"ltr\"><strong>Centro de d\u00eda para atenci\u00f3n a persoas maiores da r\u00faa O Grove<\/strong>, de Xavier Pousa Arbones.<\/li>\n<li dir=\"ltr\"><strong>Rehabilitaci\u00f3n de dous edificios de vivendas para VPA en Vigo<\/strong>, de <a href=\"http:\/\/arquitecturadegalicia.eu\/blog\/?tag=martin-de-cominges\">Mart\u00edn de Cominges<\/a>.<\/li>\n<li dir=\"ltr\"><strong>Rehabilitaci\u00f3n de edificio na r\u00faa\u00a0Real n\u00ba16, Vigo<\/strong>, de Nuria Campos.<\/li>\n<li dir=\"ltr\"><strong>Rehabilitaci\u00f3n do concello vello para casa da Cultura de Salceda de Caselas<\/strong>, de NUN Arquitectura, dese\u00f1o e urbanismo SLP.<\/li>\n<li dir=\"ltr\"><a href=\"http:\/\/arquitecturadegalicia.eu\/blog\/?p=9686\"><strong>Rehabilitaci\u00f3n de edificio para oito vivendas, en R\u00faa Santiago de Vigo<\/strong><\/a>, de <a href=\"http:\/\/arquitecturadegalicia.eu\/blog\/?tag=gabriel-santos-zas\">Gabriel Santos Zas<\/a> e <a href=\"http:\/\/arquitecturadegalicia.eu\/blog\/?tag=cesareo-padron-conde\">Ces\u00e1reo Padr\u00f3n Conde<\/a>.<\/li>\n<\/ul>\n","protected":false},"excerpt":{"rendered":"<p>Estaci\u00f3n Mar\u00edtima para Baiona, de Jos\u00e9 Jorge Santos Ogando y Jos\u00e9 Carlos Mera Rodr\u00edguez. Vivenda unifamiliar para un xoven m\u00fasico e parella\u00a0en Saians (Vigo), de Antonio Soli\u00f1o Troncoso. Vivenda vertical en Bouza (Santiago de Oliveira), de MMASA Arquitectos (Mu\u00f1iz+Alfaya). Vivenda unifamiliar en Panx\u00f3n (Nigr\u00e1n), de Jos\u00e9 Luis Quintela Porro. Casa consistorial de Campo Lameiro e<a href=\"https:\/\/arquitecturadegalicia.eu\/blog\/premios\/premios-gran-de-area\/premios-gran-de-area-2011\/\" title=\"Read more\" >&#8230;<\/a><\/p>\n","protected":false},"author":2,"featured_media":0,"parent":13044,"menu_order":6,"comment_status":"open","ping_status":"open","template":"","meta":{"jetpack_post_was_ever_published":false,"footnotes":""},"class_list":["post-1709","page","type-page","status-publish","hentry","content-print"],"yoast_head":"<!-- This site is optimized with the Yoast SEO plugin v24.1 - https:\/\/yoast.com\/wordpress\/plugins\/seo\/ -->\n<title>Premios Gran de Area 2011 | AG<\/title>\n<meta name=\"robots\" content=\"index, follow, max-snippet:-1, max-image-preview:large, max-video-preview:-1\" \/>\n<link rel=\"canonical\" href=\"https:\/\/arquitecturadegalicia.eu\/blog\/premios\/premios-gran-de-area\/premios-gran-de-area-2011\/\" \/>\n<meta property=\"og:locale\" content=\"es_ES\" \/>\n<meta property=\"og:type\" content=\"article\" \/>\n<meta property=\"og:title\" content=\"Premios Gran de Area 2011 | AG\" \/>\n<meta property=\"og:description\" content=\"Estaci\u00f3n Mar\u00edtima para Baiona, de Jos\u00e9 Jorge Santos Ogando y Jos\u00e9 Carlos Mera Rodr\u00edguez. Vivenda unifamiliar para un xoven m\u00fasico e parella\u00a0en Saians (Vigo), de Antonio Soli\u00f1o Troncoso. Vivenda vertical en Bouza (Santiago de Oliveira), de MMASA Arquitectos (Mu\u00f1iz+Alfaya). Vivenda unifamiliar en Panx\u00f3n (Nigr\u00e1n), de Jos\u00e9 Luis Quintela Porro. Casa consistorial de Campo Lameiro e...\" \/>\n<meta property=\"og:url\" content=\"https:\/\/arquitecturadegalicia.eu\/blog\/premios\/premios-gran-de-area\/premios-gran-de-area-2011\/\" \/>\n<meta property=\"og:site_name\" content=\"AG\" \/>\n<meta property=\"article:publisher\" content=\"https:\/\/www.facebook.com\/ArquitecturadeGalicia\/\" \/>\n<meta property=\"article:modified_time\" content=\"2014-11-08T20:38:11+00:00\" \/>\n<meta name=\"twitter:card\" content=\"summary_large_image\" \/>\n<meta name=\"twitter:site\" content=\"@arquigaliciaeu\" \/>\n<meta name=\"twitter:label1\" content=\"Tiempo de lectura\" \/>\n\t<meta name=\"twitter:data1\" content=\"2 minutos\" \/>\n<script type=\"application\/ld+json\" class=\"yoast-schema-graph\">{\"@context\":\"https:\/\/schema.org\",\"@graph\":[{\"@type\":\"WebPage\",\"@id\":\"https:\/\/arquitecturadegalicia.eu\/blog\/premios\/premios-gran-de-area\/premios-gran-de-area-2011\/\",\"url\":\"https:\/\/arquitecturadegalicia.eu\/blog\/premios\/premios-gran-de-area\/premios-gran-de-area-2011\/\",\"name\":\"Premios Gran de Area 2011 | AG\",\"isPartOf\":{\"@id\":\"https:\/\/arquitecturadegalicia.eu\/blog\/#website\"},\"datePublished\":\"2013-01-07T21:54:42+00:00\",\"dateModified\":\"2014-11-08T20:38:11+00:00\",\"breadcrumb\":{\"@id\":\"https:\/\/arquitecturadegalicia.eu\/blog\/premios\/premios-gran-de-area\/premios-gran-de-area-2011\/#breadcrumb\"},\"inLanguage\":\"es\",\"potentialAction\":[{\"@type\":\"ReadAction\",\"target\":[\"https:\/\/arquitecturadegalicia.eu\/blog\/premios\/premios-gran-de-area\/premios-gran-de-area-2011\/\"]}]},{\"@type\":\"BreadcrumbList\",\"@id\":\"https:\/\/arquitecturadegalicia.eu\/blog\/premios\/premios-gran-de-area\/premios-gran-de-area-2011\/#breadcrumb\",\"itemListElement\":[{\"@type\":\"ListItem\",\"position\":1,\"name\":\"Portada\",\"item\":\"https:\/\/arquitecturadegalicia.eu\/blog\/\"},{\"@type\":\"ListItem\",\"position\":2,\"name\":\"Premios\",\"item\":\"https:\/\/arquitecturadegalicia.eu\/blog\/premios\/\"},{\"@type\":\"ListItem\",\"position\":3,\"name\":\"Premios Gran de Area\",\"item\":\"https:\/\/arquitecturadegalicia.eu\/blog\/premios\/premios-gran-de-area\/\"},{\"@type\":\"ListItem\",\"position\":4,\"name\":\"Premios Gran de Area 2011\"}]},{\"@type\":\"WebSite\",\"@id\":\"https:\/\/arquitecturadegalicia.eu\/blog\/#website\",\"url\":\"https:\/\/arquitecturadegalicia.eu\/blog\/\",\"name\":\"AG\",\"description\":\"Arquitectura de Galicia\",\"publisher\":{\"@id\":\"https:\/\/arquitecturadegalicia.eu\/blog\/#organization\"},\"potentialAction\":[{\"@type\":\"SearchAction\",\"target\":{\"@type\":\"EntryPoint\",\"urlTemplate\":\"https:\/\/arquitecturadegalicia.eu\/blog\/?s={search_term_string}\"},\"query-input\":{\"@type\":\"PropertyValueSpecification\",\"valueRequired\":true,\"valueName\":\"search_term_string\"}}],\"inLanguage\":\"es\"},{\"@type\":\"Organization\",\"@id\":\"https:\/\/arquitecturadegalicia.eu\/blog\/#organization\",\"name\":\"Arquitectura de Galicia\",\"url\":\"https:\/\/arquitecturadegalicia.eu\/blog\/\",\"logo\":{\"@type\":\"ImageObject\",\"inLanguage\":\"es\",\"@id\":\"https:\/\/arquitecturadegalicia.eu\/blog\/#\/schema\/logo\/image\/\",\"url\":\"https:\/\/arquitecturadegalicia.eu\/blog\/wp-content\/uploads\/2017\/01\/arquitecturacurrents2.png\",\"contentUrl\":\"https:\/\/arquitecturadegalicia.eu\/blog\/wp-content\/uploads\/2017\/01\/arquitecturacurrents2.png\",\"width\":840,\"height\":640,\"caption\":\"Arquitectura de Galicia\"},\"image\":{\"@id\":\"https:\/\/arquitecturadegalicia.eu\/blog\/#\/schema\/logo\/image\/\"},\"sameAs\":[\"https:\/\/www.facebook.com\/ArquitecturadeGalicia\/\",\"https:\/\/x.com\/arquigaliciaeu\",\"https:\/\/www.instagram.com\/arquigaliciaeu\/\"]}]}<\/script>\n<!-- \/ Yoast SEO plugin. -->","yoast_head_json":{"title":"Premios Gran de Area 2011 | AG","robots":{"index":"index","follow":"follow","max-snippet":"max-snippet:-1","max-image-preview":"max-image-preview:large","max-video-preview":"max-video-preview:-1"},"canonical":"https:\/\/arquitecturadegalicia.eu\/blog\/premios\/premios-gran-de-area\/premios-gran-de-area-2011\/","og_locale":"es_ES","og_type":"article","og_title":"Premios Gran de Area 2011 | AG","og_description":"Estaci\u00f3n Mar\u00edtima para Baiona, de Jos\u00e9 Jorge Santos Ogando y Jos\u00e9 Carlos Mera Rodr\u00edguez. Vivenda unifamiliar para un xoven m\u00fasico e parella\u00a0en Saians (Vigo), de Antonio Soli\u00f1o Troncoso. Vivenda vertical en Bouza (Santiago de Oliveira), de MMASA Arquitectos (Mu\u00f1iz+Alfaya). Vivenda unifamiliar en Panx\u00f3n (Nigr\u00e1n), de Jos\u00e9 Luis Quintela Porro. Casa consistorial de Campo Lameiro e...","og_url":"https:\/\/arquitecturadegalicia.eu\/blog\/premios\/premios-gran-de-area\/premios-gran-de-area-2011\/","og_site_name":"AG","article_publisher":"https:\/\/www.facebook.com\/ArquitecturadeGalicia\/","article_modified_time":"2014-11-08T20:38:11+00:00","twitter_card":"summary_large_image","twitter_site":"@arquigaliciaeu","twitter_misc":{"Tiempo de lectura":"2 minutos"},"schema":{"@context":"https:\/\/schema.org","@graph":[{"@type":"WebPage","@id":"https:\/\/arquitecturadegalicia.eu\/blog\/premios\/premios-gran-de-area\/premios-gran-de-area-2011\/","url":"https:\/\/arquitecturadegalicia.eu\/blog\/premios\/premios-gran-de-area\/premios-gran-de-area-2011\/","name":"Premios Gran de Area 2011 | AG","isPartOf":{"@id":"https:\/\/arquitecturadegalicia.eu\/blog\/#website"},"datePublished":"2013-01-07T21:54:42+00:00","dateModified":"2014-11-08T20:38:11+00:00","breadcrumb":{"@id":"https:\/\/arquitecturadegalicia.eu\/blog\/premios\/premios-gran-de-area\/premios-gran-de-area-2011\/#breadcrumb"},"inLanguage":"es","potentialAction":[{"@type":"ReadAction","target":["https:\/\/arquitecturadegalicia.eu\/blog\/premios\/premios-gran-de-area\/premios-gran-de-area-2011\/"]}]},{"@type":"BreadcrumbList","@id":"https:\/\/arquitecturadegalicia.eu\/blog\/premios\/premios-gran-de-area\/premios-gran-de-area-2011\/#breadcrumb","itemListElement":[{"@type":"ListItem","position":1,"name":"Portada","item":"https:\/\/arquitecturadegalicia.eu\/blog\/"},{"@type":"ListItem","position":2,"name":"Premios","item":"https:\/\/arquitecturadegalicia.eu\/blog\/premios\/"},{"@type":"ListItem","position":3,"name":"Premios Gran de Area","item":"https:\/\/arquitecturadegalicia.eu\/blog\/premios\/premios-gran-de-area\/"},{"@type":"ListItem","position":4,"name":"Premios Gran de Area 2011"}]},{"@type":"WebSite","@id":"https:\/\/arquitecturadegalicia.eu\/blog\/#website","url":"https:\/\/arquitecturadegalicia.eu\/blog\/","name":"AG","description":"Arquitectura de Galicia","publisher":{"@id":"https:\/\/arquitecturadegalicia.eu\/blog\/#organization"},"potentialAction":[{"@type":"SearchAction","target":{"@type":"EntryPoint","urlTemplate":"https:\/\/arquitecturadegalicia.eu\/blog\/?s={search_term_string}"},"query-input":{"@type":"PropertyValueSpecification","valueRequired":true,"valueName":"search_term_string"}}],"inLanguage":"es"},{"@type":"Organization","@id":"https:\/\/arquitecturadegalicia.eu\/blog\/#organization","name":"Arquitectura de Galicia","url":"https:\/\/arquitecturadegalicia.eu\/blog\/","logo":{"@type":"ImageObject","inLanguage":"es","@id":"https:\/\/arquitecturadegalicia.eu\/blog\/#\/schema\/logo\/image\/","url":"https:\/\/arquitecturadegalicia.eu\/blog\/wp-content\/uploads\/2017\/01\/arquitecturacurrents2.png","contentUrl":"https:\/\/arquitecturadegalicia.eu\/blog\/wp-content\/uploads\/2017\/01\/arquitecturacurrents2.png","width":840,"height":640,"caption":"Arquitectura de Galicia"},"image":{"@id":"https:\/\/arquitecturadegalicia.eu\/blog\/#\/schema\/logo\/image\/"},"sameAs":["https:\/\/www.facebook.com\/ArquitecturadeGalicia\/","https:\/\/x.com\/arquigaliciaeu","https:\/\/www.instagram.com\/arquigaliciaeu\/"]}]}},"jetpack_shortlink":"https:\/\/wp.me\/P2NHs2-rz","jetpack_sharing_enabled":true,"_links":{"self":[{"href":"https:\/\/arquitecturadegalicia.eu\/blog\/wp-json\/wp\/v2\/pages\/1709","targetHints":{"allow":["GET"]}}],"collection":[{"href":"https:\/\/arquitecturadegalicia.eu\/blog\/wp-json\/wp\/v2\/pages"}],"about":[{"href":"https:\/\/arquitecturadegalicia.eu\/blog\/wp-json\/wp\/v2\/types\/page"}],"author":[{"embeddable":true,"href":"https:\/\/arquitecturadegalicia.eu\/blog\/wp-json\/wp\/v2\/users\/2"}],"replies":[{"embeddable":true,"href":"https:\/\/arquitecturadegalicia.eu\/blog\/wp-json\/wp\/v2\/comments?post=1709"}],"version-history":[{"count":7,"href":"https:\/\/arquitecturadegalicia.eu\/blog\/wp-json\/wp\/v2\/pages\/1709\/revisions"}],"predecessor-version":[{"id":13062,"href":"https:\/\/arquitecturadegalicia.eu\/blog\/wp-json\/wp\/v2\/pages\/1709\/revisions\/13062"}],"up":[{"embeddable":true,"href":"https:\/\/arquitecturadegalicia.eu\/blog\/wp-json\/wp\/v2\/pages\/13044"}],"wp:attachment":[{"href":"https:\/\/arquitecturadegalicia.eu\/blog\/wp-json\/wp\/v2\/media?parent=1709"}],"curies":[{"name":"wp","href":"https:\/\/api.w.org\/{rel}","templated":true}]}}